{"version":"1.0","provider_name":"minden\u00e1r.hu","provider_url":"https:\/\/mindenar.cafeblog.hu","author_name":"P\u00e9nzt\u00e1rca","author_url":"https:\/\/mindenar.cafeblog.hu\/author\/penztarc\/","title":"Elt\u0171ntek a legolcs\u00f3bb T\u00far\u00f3 Rudik","html":"<p><strong>Most megint a T\u00far\u00f3 Rudir\u00f3l lesz sz\u00f3, mivel l\u00e9lektani hat\u00e1r f\u00f6l\u00e9 dr\u00e1gult.\u00a0<\/strong><\/p>\r\n<p>A legn\u00e9pszer\u0171bb \u00e9lelmiszereink egyike, a T\u00far\u00f3 Rudi rendszeres szerepl\u0151je a <a href=\"http:\/\/www.mindenar.hu\/#!\">Minden\u00e1r.hu<\/a> \u00e1rk\u00f6rk\u00e9peinek. Ez\u00fattal is t\u00f6bb \u00e1ruh\u00e1zl\u00e1nc jelent meg a maga T\u00far\u00f3 Rudi-akci\u00f3j\u00e1val. A legismertebb m\u00e1rka term\u00e9kei k\u00fcl\u00f6nb\u00f6z\u0151 m\u00e9retben \u00e9s csomagban kaphat\u00f3ak a j\u00f6v\u0151 h\u00e9t k\u00f6zep\u00e9ig tart\u00f3 akci\u00f3s h\u00e9ten, \u00a0\u00e9ppen ez\u00e9rt a kil\u00f3ra vet\u00edtett \u00e1r alapj\u00e1n rangsorolhat\u00f3ak az \u00e9dess\u00e9gek.\u00a0<\/p>\r\n[caption id=\"attachment_170590\" align=\"aligncenter\" width=\"600\" class=\" \"]<a href=\"http:\/\/www.mindenar.hu\/#!\"><img class=\"wp-image-170590 size-large\" src=\"https:\/\/mindenar.cafeblog.hu\/files\/2014\/12\/t\u00far\u00f3v\u00e1logat\u00e1s-600x299.png\" alt=\"Forr\u00e1s: Minden\u00e1r.hu\" width=\"600\" height=\"299\" \/><\/a> A v\u00e1logatott - Forr\u00e1s: <a href=\"http:\/\/www.mindenar.hu\/#!\">Minden\u00e1r.hu<\/a>[\/caption]\r\n<p>A <a href=\"http:\/\/www.mindenar.hu\/#!\">Minden\u00e1r.hu<\/a> \u00e1rk\u00f6rk\u00e9p\u00e9b\u0151l kider\u00fcl, hogy valamennyi boltl\u00e1ncban az akci\u00f3s T\u00far\u00f3 Rudi kil\u00f3nk\u00e9nt t\u00f6bb mint 2 ezer forint\u00e9rt kaphat\u00f3, holott a kor\u00e1bbi hetekben az\u00e9rt t\u00f6bbsz\u00f6r el\u0151fordult, hogy 2 ezer forint alatt volt a legalacsonyabb kil\u00f3s \u00e1r, igaz, az elm\u00falt id\u0151szakban is rendre voltak 2,3-2,8 ezer forintos kil\u00f3s \u00e1rak.\u00a0<\/p>\r\n<p>A heti versenyt egy\u00e9bk\u00e9nt a Spar nyerte, 10 darabos csomagban ad 36 grammos Rudikat, ami 2080 forintos kil\u00f3s \u00e1rnak felel meg. Ugyenezt a pakkot a Tesco 799 forint\u00e9rt k\u00edn\u00e1lja, \u00edgy a kil\u00f3s 2,2 ezer forintos \u00f6sszeget jelent. Az Aldiban szombat esti lehet 399 forintos akci\u00f3s \u00e1ron kapni a 6 darab 30 grammos Rudit tartalmaz\u00f3 csomagot, ami szint\u00e9n 2,2 ezer forintra j\u00f6n ki. \u00a0Az egydarabos 51 grammos szeleteket a CBA-ban \u00e9s a Pennyben lehet kapni egyar\u00e1nt 119 forint\u00e9rt, ami 2,3 ezer forintot tesz ki kil\u00f3nk\u00e9nt.\u00a0<\/p>\r\n<p>Meg kell m\u00e9g eml\u00edteni a Lidl saj\u00e1t, pr\u00e9mium m\u00e1rk\u00e1s T\u00far\u00f3 desszertjeit: a 2 darab 30 grammos \u00e9dess\u00e9g \u00f6sszesen 149 forintba, kil\u00f3nk\u00e9nt k\u00f6zel 2,5 ezer forintba ker\u00fcl.\u00a0<\/p>\r\n<p><strong><em>Ha tetszett a cikk \u00e9s \u00e9rdekl\u0151dik a boltl\u00e1ncok aktu\u00e1lis akci\u00f3s aj\u00e1nlatai ir\u00e1nt, azokat \u00f6sszevetn\u00e9 egym\u00e1ssal, akkor l\u00e1togassa meg a\u00a0<a href=\"http:\/\/www.mindenar.hu\/\">Minden\u00e1r.hu oldal\u00e1t<\/a>\u00a0vagy\u00a0<a href=\"https:\/\/www.facebook.com\/Mindenar\" target=\"_blank\">k\u00f6vesse a Minden\u00e1r.hu-t a Facebookon<\/a>.\u00a0<\/em><\/strong><\/p>\r\n<p style=\"color: #000000\"><strong><a href=\"http:\/\/www.mindenar.hu\/#!\">A Minden\u00e1r.hu <\/a>ezekr\u0151l \u00edrt kor\u00e1bban:<\/strong><\/p>\r\n<p style=\"color: #000000\"><strong><em><a href=\"https:\/\/mindenar.cafeblog.hu\/2014\/12\/02\/csokiiranytu\/\">Mi az a csoki? Melyik csoki jobb vagy rosszabb? \u2013 Minden\u00e1r.hu-ir\u00e1nyt\u0171<\/a><\/em><\/strong><\/p>\r\n<p style=\"color: #000000\"><strong><em><a href=\"http:\/\/www.mindenar.hu\/hetielemzes\/146-figyelj-oda-legyel-kenyerellenor\">Figyelj oda: legy\u00e9l te is keny\u00e9rellen\u0151r!<\/a><\/em><\/strong><\/p>\r\n<p style=\"color: #000000\"><strong><em><a href=\"http:\/\/www.mindenar.hu\/hetielemzes\/136-felmerik-hogyan-es-mit-eszik-magyarorszag\">Megn\u00e9zik, mit esz\u00fcnk<\/a><\/em><\/strong><\/p>\r\n<p style=\"color: #000000\"><em><strong><a href=\"http:\/\/www.mindenar.hu\/hetielemzes\/140-aldi-nyilik-a-belvaros-kellos-kozepen\">H\u00edres \u00e9p\u00fcletben nyit boltot az Aldi<\/a><\/strong><\/em><\/p>\r\n<p style=\"color: #000000\"><em><strong><a href=\"https:\/\/mindenar.cafeblog.hu\/2014\/11\/06\/moka-es-tragarsag-a-polcokon\/\">M\u00f3ka \u00e9s tr\u00e1g\u00e1rs\u00e1g a polcokon<\/a><\/strong><\/em><\/p>\r\n<p style=\"color: #000000\">\u00a0<\/p>","type":"rich"}