{"version":"1.0","provider_name":"minden\u00e1r.hu","provider_url":"https:\/\/mindenar.cafeblog.hu","author_name":"P\u00e9nzt\u00e1rca","author_url":"https:\/\/mindenar.cafeblog.hu\/author\/penztarc\/","title":"Hol vegy\u00fcnk tejet?","html":"<p><strong>A tejek akci\u00f3s \u00e1ra 179 forintt\u00f3l indul, de 3,5 sz\u00e1zal\u00e9kos is alig t\u00f6bb mint 200 forint\u00e9rt is a kos\u00e1rba ker\u00fclhet.\u00a0<\/strong><\/p>\n<p>A magyar piacon 2013-ban 43 sz\u00e1zal\u00e9kkal cs\u00f6kkent a tejterm\u00e9kek importja \u00e9ves szinten, a k\u00fclf\u00f6ldiek hely\u00e9t a hazai term\u00e9kek foglalt\u00e1k el - mondta cs\u00fct\u00f6rt\u00f6k\u00f6n Fazekas S\u00e1ndor vid\u00e9kfejleszt\u00e9si miniszter a tej\u00e1gazatr\u00f3l tatott sajt\u00f3t\u00e1j\u00e9koztat\u00f3j\u00e1n.\u00a0<\/p>\n<p><!-- pagebreak --><\/p>\n<p>A Minden\u00e1r.hu a miniszteri nyilatkozat aprop\u00f3j\u00e1n \u00f6ssze\u00e1ll\u00edt\u00e1st k\u00e9sz\u00edtett a boltl\u00e1ncok heti akci\u00f3s tejk\u00edn\u00e1lata alapj\u00e1n.<\/p>\n<p><img src=\"http:\/\/images.postr.hu\/uploads\/blogs\/13369\/161487\/post_161487_20140221105832.png\" width=\"550\" height=\"390\" \/><\/p>\n<p>Az Auchanban 179 forint a 1,5 sz\u00e1zal\u00e9kos tart\u00f3s (UHT) tej. A Tesco 1,5 sz\u00e1zal\u00e9kos friss tejet 199 forint\u00e9rt adja.<\/p>\n<p>A tartalmasabb tejek k\u00f6z\u00fcl 2,8 sz\u00e1zal\u00e9kos saj\u00e1t m\u00e1rk\u00e1s UHT tejet a Spar 209 forint\u00e9rt hirdeti, a Penny pedig 205 forintot k\u00e9r a 3,5 sz\u00e1zal\u00e9kos tej\u00e9rt, ami kedvez\u0151, mivel a 3,5 sz\u00e1zal\u00e9kos tejek \u00e1ra jellemz\u0151en 220-300 forint k\u00f6z\u00f6tt sz\u00f3r\u00f3dik. A m\u00e1rk\u00e1s tejek k\u00f6z\u00f6tt van a Mizo 2,8 sz\u00e1zal\u00e9kos term\u00e9ke is, amely a Tesc\u00f3ban 229, a CBA-kban 239 forintba ker\u00fcl. Ugyanez a m\u00e1rka lakt\u00f3zmentes tejei is megtal\u00e1lhat\u00f3ak az akci\u00f3s k\u00edn\u00e1latban, a Tesc\u00f3ban litere 329, az Auchanban pedig 339 forint.<\/p>\n<p>A tejv\u00e1s\u00e1rl\u00e1shoz a Minden\u00e1r.hu egy kor\u00e1bbi posztban <a href=\"http:\/\/mindenar.postr.hu\/melyik-tej-ures-iranytu-a-tejvasarlashoz\">id\u00e9zett szak\u00e9rt\u0151i tan\u00e1csokat<\/a>, amelyek szerint a sz\u00e1zal\u00e9kban kifejezett zs\u00edrtartalom l\u00e9nyeg\u00e9ben azt jelenti, hogy p\u00e9ld\u00e1ul a leg\u00e1ltal\u00e1nosabban v\u00e1s\u00e1rolt 2,8-as tej 100 grammj\u00e1ban 2,8 gramm tejzs\u00edr tal\u00e1lhat\u00f3. Fontos tudnunk, hogy a tej vitamintartalm\u00e1nak jelent\u0151s r\u00e9sze zs\u00edrban old\u00f3d\u00f3 anyag, ennek k\u00f6vetkezt\u00e9ben a vitaminok f\u0151k\u00e9nt a tejsz\u00ednben vannak jelen. Ha tej zs\u00edrtartalm\u00e1t elvessz\u00fck, akkor p\u00e9ld\u00e1ul az 1,5 sz\u00e1zal\u00e9kos tejben a vitamintartalom sz\u00e1mottev\u0151en kisebb lesz, mint a zs\u00edrosabb tejekben. Nem is besz\u00e9lve a 0,1 sz\u00e1zal\u00e9kos tejr\u0151l, amelynek vitamintartalma elhanyagolhat\u00f3an csek\u00e9ly.<\/p>\n<p><strong>Ha tetszett ez a poszt, vagy a t\u00f6bbi bejegyz\u00e9s, akkor\u00a0<a href=\"https:\/\/www.facebook.com\/Mindenar\">k\u00f6vesse a Minden\u00e1r.hu-t a Facebookon<\/a>!<\/strong><\/p>\n<p><strong>Kor\u00e1bbi bejegyz\u00e9sek (az adott posztban szerepl\u0151 \u00e1rinform\u00e1ci\u00f3k az adott h\u00e9tre - id\u0151szakra - vonatkoznak, az\u00f3ta jellemz\u0151en nem \u00e9rv\u00e9nyesek):<\/strong><\/p>\n<p><a href=\"http:\/\/mindenar.postr.hu\/melybe-kuldtek-a-gyumolcsarakat\">Melyik tej \u00fcres?\u00a0- tejir\u00e1nyt\u0171 a v\u00e1s\u00e1rl\u00e1shoz<\/a><\/p>\n<p><a href=\"http:\/\/mindenar.postr.hu\/felsorakoztak-a-tejfolok\">Felsorakoztak a tejf\u00f6l\u00f6k - sp\u00f3rolni is lehet vel\u00fck<\/a><\/p>\n<p><a href=\"http:\/\/mindenar.postr.hu\/tescosok-az-aldisok-ellen\">A boltl\u00e1ncok rangsora: mennyi bev\u00e9tel termel egy dolgoz\u00f3?<\/a><\/p>\n<p><a href=\"http:\/\/mindenar.postr.hu\/hogyan-keruljok-el-a-felesleges-dolgot-megvasarlasat\">Mikor ker\u00fclj\u00fck el a boltokat<\/a>?<\/p>","type":"rich"}